{"version":"1.0","provider_name":"L\u00e9lekprizma","provider_url":"https:\/\/prizma.cafeblog.hu","author_name":"Tihanyi-Konda Szilvia","author_url":"https:\/\/prizma.cafeblog.hu\/author\/tihanyi-konda_szilvia\/","title":"A kezdetek","html":"<p style=\"text-align: justify\"><strong>Nem tudn\u00e1m megmondani, melyik a kedvenc \u00e9vszakom: mindegyiket szeretem. Tavasszal a pomp\u00e1z\u00f3 vir\u00e1gokat \u00e9s a z\u00f6ldell\u0151 lombok k\u00f6z\u00f6tt felvillan\u00f3 f\u00e9nyp\u00e1szm\u00e1kat fot\u00f3zom a legsz\u00edvesebben, ny\u00e1ron a f\u00e9ny-\u00e1rny\u00e9k v\u00e1ltakoz\u00e1sa k\u00edn\u00e1l \u00e9rdekes j\u00e1t\u00e9kokat a f\u00e9nyk\u00e9pez\u0151g\u00e9ppel.<\/strong><\/p>\r\n<p><!--more--><\/p>\r\n<p style=\"text-align: center\"><a href=\"https:\/\/prizma.cafeblog.hu\/files\/2020\/06\/erd\u0151ben-jelen-lenni.jpg\"><img class=\"alignnone size-large wp-image-1125\" src=\"https:\/\/prizma.cafeblog.hu\/files\/2020\/06\/erd\u0151ben-jelen-lenni-600x450.jpg\" alt=\"\" width=\"600\" height=\"450\" \/><\/a><\/p>\r\n<p style=\"text-align: justify\">\u0150sszel a sz\u00ednes lombok \u00e9s az aranyba hajl\u00f3 d\u00e9lel\u0151tti napf\u00e9ny a leggy\u00f6ny\u00f6r\u0171bb. De a t\u00e9l is igaz\u00e1n sz\u00e9ps\u00e9ges k\u00e9peket k\u00edn\u00e1l: a f\u00e1k s\u00f6t\u00e9tl\u0151 csontv\u00e1zai a t\u00e9li erd\u0151ben mindig megborzongatt\u00e1k a lelkemet. A term\u00e9szet k\u00f6rforg\u00e1s\u00e1t mindig nagyon lelkesen pr\u00f3b\u00e1ltam meg\u00f6r\u00f6k\u00edteni.<\/p>\r\n<p style=\"text-align: justify\">K\u00f6z\u00e9piskol\u00e1sk\u00e9nt sokat j\u00e1rtam a bar\u00e1taimmal kir\u00e1ndulni. Ekkoriban fedeztem fel, hogy milyen csod\u00e1kat rejtenek a term\u00e9szeti k\u00e9pek, \u00e9s a fot\u00f3z\u00e1s lett a szenved\u00e9lyem. A sz\u00ednek \u00e9s form\u00e1k sokas\u00e1ga leny\u0171g\u00f6z\u00f6tt, nagyon \u00e9lveztem, hogy \u2013 a k\u00fcl\u00f6nleges l\u00e1t\u00e1sm\u00f3domnak k\u00f6sz\u00f6nhet\u0151en \u2013 egy teljesen \u00faj vil\u00e1g t\u00e1rul fel el\u0151ttem. M\u0171v\u00e9szett\u00f6rt\u00e9net tan\u00e1rom is elismerte, m\u00e9ltatta a fot\u00f3imat, m\u00e9g ki\u00e1ll\u00edt\u00e1st is szervezett a k\u00e9peimb\u0151l.<\/p>\r\n<p style=\"text-align: justify\">Ekkor kiny\u00edlt sz\u00e1momra a vil\u00e1g, megtudtam, milyen a siker euf\u00f3rikus \u00e9rz\u00e9se. R\u00e1j\u00f6ttem, hogy m\u00e1sk\u00e9ppen gondolkodni nem felt\u00e9tlen\u00fcl jelent h\u00e1tr\u00e1nyt, csak tudni kell sikert kov\u00e1csolni abb\u00f3l, ami addig probl\u00e9m\u00e1t jelentett. Befel\u00e9 kezdtem figyelni, de ez m\u00e9g nem volt tudatos, s nem sok k\u00f6ze volt a spiritualit\u00e1shoz.<\/p>\r\n<p style=\"text-align: justify\">Egyszer\u0171en csak az \u00e9rz\u00e9seimet k\u00f6vettem; inspir\u00e1ci\u00f3t kerestem azon a ter\u00fcleten, amelyb\u0151l eredm\u00e9nyeim, sikereim sz\u00e1rmaztak. Ennek forr\u00e1s\u00e1t pedig a dolgok megfigyel\u00e9se \u00e9s meg\u00f6r\u00f6k\u00edt\u00e9se adta.<\/p>\r\n<p style=\"text-align: justify\">Egyre gyakrabban kerestem a kapcsolatot a term\u00e9szettel. Legkedveltebb \u00fati c\u00e9ljaimm\u00e1 a B\u00f6rzs\u00f6ny \u00e9s a Visegr\u00e1di-hegys\u00e9g, \u00e9s mindenekel\u0151tt a pilis lank\u00e1k \u00e9s lejt\u0151k v\u00e1ltak. K\u00fcl\u00f6n\u00f6sen az ut\u00f3bbi t\u00e9rs\u00e9gben \u00e9reztem semmi m\u00e1shoz nem foghat\u00f3 nyugalmat.<\/p>\r\n<p style=\"text-align: justify\">Azt se b\u00e1ntam, ha \u00e9ppen nem volt kir\u00e1ndul\u00f3t\u00e1rsam, mert \u00edgy m\u00e9g k\u00f6nnyebb volt megval\u00f3s\u00edtani kedvelt tev\u00e9kenys\u00e9gemet: csak meg\u00e1llni \u00e9s hallgatni a csendet, amelyet mad\u00e1rcsicserg\u00e9sen k\u00edv\u00fcl semmi m\u00e1s nem t\u00f6rt meg.<\/p>\r\n<p style=\"text-align: justify\">Szerettem volna a F\u00f6ld sz\u00edvdobban\u00e1sait is meghallani ilyenkor, \u00e1m ez sajnos sohasem siker\u00fclt. De valami k\u00fcl\u00f6n\u00f6s, j\u00f3 \u00e9rz\u00e9s minden alkalommal elfogott. Sokszor csaknem s\u00f6t\u00e9ted\u00e9sig kint voltam az erd\u0151ben, h\u00faztam az id\u0151t: csak ne kelljen visszamenni az emberek k\u00f6z\u00e9.<\/p>\r\n<p style=\"text-align: justify\">M\u00e9gis, az \u00e9vek m\u00falt\u00e1val valahogy megv\u00e1ltoztam. Engem is beszippantott a fogyaszt\u00f3i t\u00e1rsadalom nyom\u00e1sa: mindig csak rohanni, mert eredm\u00e9nyeket kell felmutatni, \u201ehogy lesz \u00edgy bel\u0151led valami, l\u00e1nyom?!\u201d Egyre fontosabb\u00e1 v\u00e1lt az \u00e9letemben, hogy legyek valaki, hogy saj\u00e1t egzisztenci\u00e1t teremtsek. Tanulni akartam, mert \u00fagy v\u00e9ltem, hogy ezzel t\u00f6bb leszek \u2013 \u00e9s megn\u0151hetnek az es\u00e9lyeim arra, hogy ford\u00edtsak az \u00e9letemen...<\/p>\r\n<p style=\"text-align: center\"><em><strong>A fenti sorok \"A szinasztria\" c\u00edm\u0171 reg\u00e9ny alapsztorij\u00e1t id\u00e9zik.\u00a0 Vajon siker\u00fclt-e a\u00a0 l\u00e1nynak kibontakoztatni a m\u0171v\u00e9szi k\u00e9pess\u00e9geit? Vagy maga al\u00e1 gy\u0171rte a realit\u00e1s?<\/strong><\/em><\/p>\r\n<h4 style=\"text-align: center\"><em><strong><span style=\"color: #0000ff\">\u00a0<a href=\"https:\/\/feketesas.hu\/konyv\/a-szinasztria-idotlen-szerelem\/\">Ha \u00e9rdekel a v\u00e1lasz, rendeld meg a k\u00f6nyvet miel\u0151bb a Fekete Sas Kiad\u00f3n\u00e1l, am\u00edg tart a k\u00e9szlet,\u00a0<\/a><\/span><\/strong><\/em><\/h4>\r\n<h4 style=\"text-align: center\">vagy k\u00e9rd az aj\u00e1nd\u00e9k beleolvas\u00f3t <a href=\"https:\/\/www.konyv-es-lelek.hu\/a-szinasztria\/\">A szinasztria<\/a> c\u00edm\u0171 k\u00f6nyv honlapj\u00e1n, <a href=\"https:\/\/www.konyv-es-lelek.hu\/masolat-lepj-velunk-kapcsolatba\/\">erre a linkre kattintva<\/a>.\u00a0<\/h4>\r\n<p>&nbsp;<\/p>\r\n<p>https:\/\/www.youtube.com\/watch?v=JtF_Z0Qfseo<\/p>","type":"rich","thumbnail_url":"https:\/\/prizma.cafeblog.hu\/files\/2020\/06\/erd\u0151ben-jelen-lenni-150x150.jpg","thumbnail_width":150,"thumbnail_height":150}